{"id":39003,"type":"event","date":"2024-09-17T15:30:25","title":"Gr\u0101matas \u201cParad\u017eanovs. Pasaules. Scen\u0101riji un v\u0113stules no zonas\u201d atv\u0113r\u0161anas sv\u0113tki","main_tab_title":"","enabled":false,"secondary_tab_title":"","secondary_description":"","content":"<p>Unik\u0101lais izdevums \u201cParad\u017eanovs. Pasaules. Scen\u0101riji un v\u0113stules no zonas\u201d apkopo arm\u0113\u0146u kinore\u017eisora un m\u0101kslinieka Sergeja Parad\u017eanova (1924\u20131990) latviski tulkotos kinoscen\u0101rijus un v\u0113stules, kol\u0101\u017eas un grafikas, k\u0101 ar\u012b vi\u0146a p\u0113tnieku un dai\u013crades aizrauto esejas. Atz\u012bm\u0113jot autora simtgadi, Karin\u0113 Paronjancas un Ilzes Paegles-Mkrt\u010djanas sast\u0101d\u012bt\u0101 un apg\u0101da \u201cP\u0113tergailis\u201d izdot\u0101 gr\u0101mata ir pirm\u0101 Parad\u017eanova tekstu izlase latvie\u0161u valod\u0101. Dizaina autors \u2013 Aleksejs Mura\u0161ko.<\/p>\n<p>Arm\u0113\u0146u \u0123imen\u0113 dzimu\u0161ais Parad\u017eanovs uzaudzis Tbilisi \u2013 m\u0101kslinieciskaj\u0101 un karnev\u0101liskaj\u0101 pils\u0113t\u0101. Parad\u017eanova dai\u013crades kodi ir to\u0146iem, ritmiem, po\u0113zijai un ekr\u0101na sp\u0113lmanim rakstur\u012bgajai improviz\u0101cijai pak\u013cauti. No Kijivas fresk\u0101m un pa\u0161a Parad\u017eanova iecien\u012btaj\u0101m daudzpunkt\u0113m l\u012bdz gran\u0101ta kr\u0101sas \u0161\u013cakstiem, cietuma gadiem un padomju re\u017e\u012bma represij\u0101m. Vi\u0146a slaven\u0101kie kino darbi ir &#8220;Aizmirsto sen\u010du \u0113nas&#8221; (1965) un &#8220;Gran\u0101ta kr\u0101sa\u201d (1969), k\u0101 ar\u012b p\u0113c lieguma str\u0101d\u0101t uz\u0146emt\u0101s filmas \u2013 &#8220;Le\u0123enda par Suramas cietoksni&#8221; (1985) un &#8220;A\u0161iks Keribs&#8221; (1988). Parad\u017eanovs ir darbojies ar\u012b k\u0101 m\u0101kslinieks \u2013 vi\u0146\u0161 ir rad\u012bjis daudz z\u012bm\u0113jumu un kol\u0101\u017eu, instal\u0101ciju un asembl\u0101\u017eu.<\/p>\n<p>Str\u0101d\u0101jot Ukrainas, Arm\u0113nijas un Gruzijas kinostudij\u0101s, Parad\u017eanova ekstravagant\u0101s izpausmes un atkl\u0101t\u0101 padomju varas kritika nepasarg\u0101ja vi\u0146u no valsts repres\u012bv\u0101s sist\u0113mas: teju desmit gadus vi\u0146am bija aizliegums veidot kino, tikm\u0113r \u010detrus gadus vi\u0146\u0161 pavad\u012bja stingr\u0101 re\u017e\u012bma cietum\u0101. Tom\u0113r re\u017eisors atrada sev\u012b sp\u0113ku atgriezties pie kino veido\u0161anas un turpin\u0101t g\u016bt starptautisku atzin\u012bbu, par saviem darbiem sa\u0146emot apbr\u012bnu no Federiko Fell\u012bni, Mikeland\u017eelo Antonioni, \u017dana Lika God\u0101ra, Akiras Kurosavas un daudziem citiem.<\/p>\n","categories":null,"tags":null,"featured_image":null,"featured_image_id":null,"vertical":null,"horizontal":null,"vertical_compr":false,"horizontal_compr":false,"overlay_image":false,"overlay_image_svg_lv":false,"background_image":{"ID":39123,"id":39123,"title":"Galvenais vizu\u0101lis_Parad\u017eanovs","filename":"Galvenais-vizualis_Paradzanovs-scaled.jpg","filesize":1460571,"url":"https:\/\/rigaiff.lv\/wp-content\/uploads\/2024\/09\/Galvenais-vizualis_Paradzanovs-scaled.jpg","link":"https:\/\/rigaiff.lv\/wp-content\/uploads\/2024\/09\/Galvenais-vizualis_Paradzanovs-scaled.jpg","alt":"","author":"21","description":"","caption":"","name":"0e720563a4f142a8abfb92f95aba52b1","status":"inherit","uploaded_to":39003,"date":"2024-09-19 08:19:41","modified":"2024-10-10 07:28:26","menu_order":0,"mime_type":"image\/jpeg","type":"image","subtype":"jpeg","icon":"https:\/\/rigaiff.lv\/wp-includes\/images\/media\/default.png","width":1863,"height":2560,"sizes":{"thumbnail":"https:\/\/rigaiff.lv\/wp-content\/uploads\/2024\/09\/Galvenais-vizualis_Paradzanovs-150x150.jpg","thumbnail-width":150,"thumbnail-height":150,"medium":"https:\/\/rigaiff.lv\/wp-content\/uploads\/2024\/09\/Galvenais-vizualis_Paradzanovs-250x343.jpg","medium-width":219,"medium-height":300,"medium_large":"https:\/\/rigaiff.lv\/wp-content\/uploads\/2024\/09\/Galvenais-vizualis_Paradzanovs-768x1055.jpg","medium_large-width":768,"medium_large-height":1055,"large":"https:\/\/rigaiff.lv\/wp-content\/uploads\/2024\/09\/Galvenais-vizualis_Paradzanovs-1500x2061.jpg","large-width":873,"large-height":1200,"1536x1536":"https:\/\/rigaiff.lv\/wp-content\/uploads\/2024\/09\/Galvenais-vizualis_Paradzanovs-1118x1536.jpg","1536x1536-width":1118,"1536x1536-height":1536,"2048x2048":"https:\/\/rigaiff.lv\/wp-content\/uploads\/2024\/09\/Galvenais-vizualis_Paradzanovs-1491x2048.jpg","2048x2048-width":1491,"2048x2048-height":2048,"large1200":"https:\/\/rigaiff.lv\/wp-content\/uploads\/2024\/09\/Galvenais-vizualis_Paradzanovs-1200x1649.jpg","large1200-width":1200,"large1200-height":1649,"large1800":"https:\/\/rigaiff.lv\/wp-content\/uploads\/2024\/09\/Galvenais-vizualis_Paradzanovs-1800x2473.jpg","large1800-width":1800,"large1800-height":2473,"small":"https:\/\/rigaiff.lv\/wp-content\/uploads\/2024\/09\/Galvenais-vizualis_Paradzanovs-120x165.jpg","small-width":120,"small-height":165,"uncompressed":"https:\/\/rigaiff.lv\/wp-content\/uploads\/2024\/09\/Galvenais-vizualis_Paradzanovs-scaled.jpg","uncompressed-width":1863,"uncompressed-height":2560,"custom-size":"https:\/\/rigaiff.lv\/wp-content\/uploads\/2024\/09\/Galvenais-vizualis_Paradzanovs-700x200.jpg","custom-size-width":700,"custom-size-height":200},"acf_attachment":false},"copyright":"","screenings_merged":[{"month":"october","date":"19","end_date":"","time":"16:00","time_end":"","venue_url_languages":[{"type":"buy","sold_out":false,"closed":false,"free":true,"soon":false,"custom_button_text":"","invitation_only":false,"accreditations_only":false,"guest_accreditations_only":false,"guest_notice_with_icon":"","venue":"benj","custom_venue_text":"","url":"","bilesu_servisa_id":"","custom_tickets_url":"","apply_url":"","subtitle_language":[],"closed_captions_language":[],"audio_description_language":[],"audio_language":[]}],"tags":false,"event_post_title":"Gr\u0101matas \u201cParad\u017eanovs. Pasaules. Scen\u0101riji un v\u0113stules no zonas\u201d atv\u0113r\u0161anas sv\u0113tki","event_post_url":"https:\/\/rigaiff.lv\/lv\/event\/gramatas-paradzanovs-pasaules-scenariji-un-vestules-no-zonas-atversanas-svetki\/","event_parent_details":[]}],"buttons":null,"custom_supporter_title":"Atbalst\u012bt\u0101ji","supporter":[{"supporter_select":{"ID":11171,"post_author":"2","post_date":"2019-09-07 10:04:36","post_date_gmt":"2019-09-07 07:04:36","post_content":"","post_title":"Valsts kult\u016brkapit\u0101la fonds (VKKF)","post_excerpt":"","post_status":"publish","comment_status":"closed","ping_status":"closed","post_password":"","post_name":"valsts-kulturkapitala-fonds-vkkf","to_ping":"","pinged":"","post_modified":"2025-06-11 14:08:49","post_modified_gmt":"2025-06-11 11:08:49","post_content_filtered":"","post_parent":0,"guid":"https:\/\/rigaiff.lv\/2020\/?post_type=supporters&#038;p=11171","menu_order":0,"post_type":"supporters","post_mime_type":"","comment_count":"0","filter":"raw","post_title_ml":"[:en]State Culture Capital Foundation (SCCF)[:lv]Valsts kult\u016brkapit\u0101la fonds (VKKF)[:]","post_title_langs":{"en":true,"lv":true},"acf":{"logo":"https:\/\/rigaiff.lv\/wp-content\/uploads\/2019\/09\/Valsts-Kulturkapitala-fonds-VKKF-\u2013-LV.svg","url":"http:\/\/www.kkf.lv"}},"width_(px)":"180"},{"supporter_select":{"ID":39125,"post_author":"21","post_date":"2024-09-19 12:19:58","post_date_gmt":"2024-09-19 09:19:58","post_content":"","post_title":"Izdevniec\u012bba \"P\u0113tergailis\"","post_excerpt":"","post_status":"publish","comment_status":"closed","ping_status":"closed","post_password":"","post_name":"izdevnieciba-petergailis","to_ping":"","pinged":"","post_modified":"2024-09-19 12:19:58","post_modified_gmt":"2024-09-19 09:19:58","post_content_filtered":"","post_parent":0,"guid":"https:\/\/rigaiff.lv\/?post_type=supporters&#038;p=39125","menu_order":0,"post_type":"supporters","post_mime_type":"","comment_count":"0","filter":"raw","post_title_ml":"[:lv]Izdevniec\u012bba \"P\u0113tergailis\"[:]","post_title_langs":{"lv":true},"acf":{"logo":"https:\/\/rigaiff.lv\/wp-content\/uploads\/2024\/09\/Peetergailis_logo.svg","url":"https:\/\/www.petergailis.lv\/"}},"width_(px)":"200"},{"supporter_select":{"ID":39128,"post_author":"21","post_date":"2024-09-19 12:22:26","post_date_gmt":"2024-09-19 09:22:26","post_content":"","post_title":"Ministry of Education, Science, Sport and Culture of Armenia","post_excerpt":"","post_status":"publish","comment_status":"closed","ping_status":"closed","post_password":"","post_name":"ministry-of-education-science-sport-and-culture-of-armenia","to_ping":"","pinged":"","post_modified":"2024-09-19 12:22:26","post_modified_gmt":"2024-09-19 09:22:26","post_content_filtered":"","post_parent":0,"guid":"https:\/\/rigaiff.lv\/?post_type=supporters&#038;p=39128","menu_order":0,"post_type":"supporters","post_mime_type":"","comment_count":"0","filter":"raw","post_title_ml":"[:en]Ministry of Education, Science, Sport and Culture of Armenia[:]","post_title_langs":{"en":true},"acf":{"logo":"https:\/\/rigaiff.lv\/wp-content\/uploads\/2024\/09\/Ministry-of-Education-Science-Sport-and-Culture-of-Armenia-logo-black.svg","url":"https:\/\/escs.am\/en"}},"width_(px)":"120"},{"supporter_select":{"ID":39555,"post_author":"21","post_date":"2024-10-09 12:17:14","post_date_gmt":"2024-10-09 09:17:14","post_content":"","post_title":"Arm\u0113nijas v\u0113stniec\u012bba Latvij\u0101, Lietuv\u0101 un Igaunij\u0101","post_excerpt":"","post_status":"publish","comment_status":"closed","ping_status":"closed","post_password":"","post_name":"armenijas-vestnieciba-latvija-lietuva-un-igaunija","to_ping":"","pinged":"","post_modified":"2024-10-09 12:17:14","post_modified_gmt":"2024-10-09 09:17:14","post_content_filtered":"","post_parent":0,"guid":"https:\/\/rigaiff.lv\/?post_type=supporters&#038;p=39555","menu_order":0,"post_type":"supporters","post_mime_type":"","comment_count":"0","filter":"raw","post_title_ml":"[:lv]Arm\u0113nijas v\u0113stniec\u012bba Latvij\u0101, Lietuv\u0101 un Igaunij\u0101[:]","post_title_langs":{"lv":true},"acf":{"logo":"https:\/\/rigaiff.lv\/wp-content\/uploads\/2024\/10\/Embassy-of-Armenia-in-Estonia-Latvia-and-Lithuania-logo-EN-black.svg","url":"https:\/\/www.mfa.am\/en\/embassies\/lv"}},"width_(px)":"200"},{"supporter_select":{"ID":39558,"post_author":"21","post_date":"2024-10-09 12:18:05","post_date_gmt":"2024-10-09 09:18:05","post_content":"","post_title":"Ararat","post_excerpt":"","post_status":"publish","comment_status":"closed","ping_status":"closed","post_password":"","post_name":"ararat","to_ping":"","pinged":"","post_modified":"2024-10-09 12:18:05","post_modified_gmt":"2024-10-09 09:18:05","post_content_filtered":"","post_parent":0,"guid":"https:\/\/rigaiff.lv\/?post_type=supporters&#038;p=39558","menu_order":0,"post_type":"supporters","post_mime_type":"","comment_count":"0","filter":"raw","post_title_ml":"[:lv]Ararat[:]","post_title_langs":{"lv":true},"acf":{"logo":"https:\/\/rigaiff.lv\/wp-content\/uploads\/2024\/10\/ARARAT-logo-EN-black.svg","url":"https:\/\/en.araratbrandy.com\/"}},"width_(px)":"180"}],"jury_title":"","disable_descriptions":false,"jury":false,"participants_title":"","participants":false,"link":"https:\/\/rigaiff.lv\/lv\/event\/gramatas-paradzanovs-pasaules-scenariji-un-vestules-no-zonas-atversanas-svetki\/","parent_select":false,"additional_content":null,"embed_title":"","embed_text":"","embed_code":"","categories_slugs":"","logo_on_image_text":"","logo_on_image_image":false,"logo_on_image_color":null}